{"id":212,"date":"2024-03-04T15:09:28","date_gmt":"2024-03-04T14:09:28","guid":{"rendered":"http:\/\/341776.w76.wedos.ws\/?page_id=212"},"modified":"2024-03-04T15:09:29","modified_gmt":"2024-03-04T14:09:29","slug":"whistleblowing","status":"publish","type":"page","link":"https:\/\/zsmikulasezhusi.cz\/?page_id=212","title":{"rendered":"Whistleblowing"},"content":{"rendered":"\n<p><strong>Prohl\u00e1\u0161en\u00ed o pln\u011bn\u00ed podm\u00ednek ochrany oznamovatel\u016f dle z\u00e1k. \u010d.&nbsp; 171\/2023 Sb., o ochran\u011b oznamovatel\u016f a Sm\u011brnice EU o whistleblowingu.<\/strong><\/p>\n\n\n\n<p>Informace v&nbsp;souladu s&nbsp;\u00a7 9 odst. 2 z\u00e1k. \u010d.&nbsp; 171\/2023 Sb., o ochran\u011b oznamovatel\u016f (d\u00e1le t\u00e9\u017e \u201ez\u00e1kon\u201c).<\/p>\n\n\n\n<p><em>Z\u00e1kladn\u00ed \u0161kola a Mate\u0159sk\u00e1 \u0161kola T\u00e1bor, n\u00e1m\u011bst\u00ed Mikul\u00e1\u0161e z&nbsp;Husi 45, I\u010cO: 00582590<\/em>&nbsp;(d\u00e1le jen povinn\u00fd subjekt) je v&nbsp;souladu s \u00a7 8 z\u00e1k. \u010d. 171\/2023 Sb. &nbsp;povinen zav\u00e9st intern\u00ed kan\u00e1ly pro oznamov\u00e1n\u00ed o mo\u017en\u00e9m protipr\u00e1vn\u00edm jedn\u00e1n\u00ed, k n\u011bmu\u017e do\u0161lo nebo m\u00e1 doj\u00edt u osoby, pro ni\u017e oznamovatel, by\u0165 zprost\u0159edkovan\u011b, vykon\u00e1val nebo vykon\u00e1v\u00e1 pr\u00e1ci nebo jinou obdobnou \u010dinnost, nebo u osoby, se kterou oznamovatel byl nebo je v kontaktu v souvislosti s v\u00fdkonem pr\u00e1ce nebo jin\u00e9 obdobn\u00e9 \u010dinnosti, a kter\u00e9 a) m\u00e1 znaky trestn\u00e9ho \u010dinu, b) m\u00e1 znaky p\u0159estupku, za kter\u00fd z\u00e1kon stanov\u00ed sazbu pokuty, jej\u00ed\u017e horn\u00ed hranice je alespo\u0148 100000 K\u010d, c) poru\u0161uje tento z\u00e1kon, nebo d) poru\u0161uje jin\u00fd pr\u00e1vn\u00ed p\u0159edpis poru\u0161en\u00ed pr\u00e1v Evropsk\u00e9 Unie vyjmenovan\u00fdch v&nbsp;\u010dl. 2 Sm\u011brnice EU.<\/p>\n\n\n\n<p>Povinn\u00fd subjekt prohla\u0161uje, \u017ee m\u00e1 vyd\u00e1n vnit\u0159n\u00ed p\u0159edpis (sm\u011brnici), kter\u00fd kompletn\u011b upravuje implementaci problematiky ochrany oznamovatel\u016f, tzv. whistleblowingu.<\/p>\n\n\n\n<p>Povinn\u00fd subjekt bere pln\u011b na v\u011bdom\u00ed z\u00e1kaz odvetn\u00fdch opat\u0159en\u00ed ur\u010den\u00fdch v \u00a7 4 z\u00e1kona \u010d. 171\/2023 Sb. a&nbsp;\u010dl. 19 Sm\u011brnice EU.<\/p>\n\n\n\n<p>Zaveden\u00ed vnit\u0159n\u00edho oznamovac\u00edho syst\u00e9mu<\/p>\n\n\n\n<p>V&nbsp;souladu s&nbsp;po\u017eadavky z\u00e1kona a sm\u011brnice je zaveden vnit\u0159n\u00ed oznamovac\u00ed syst\u00e9m (d\u00e1le jen VOS), kter\u00fd p\u0159edstavuje souhrn postup\u016f a n\u00e1stroj\u016f slou\u017e\u00edc\u00edch k p\u0159ij\u00edm\u00e1n\u00ed ozn\u00e1men\u00ed, nakl\u00e1d\u00e1n\u00ed s n\u00edm, ochran\u011b toto\u017enosti oznamovatele a dal\u0161\u00edch osob, ochran\u011b informac\u00ed uveden\u00fdch v ozn\u00e1men\u00ed a komunikaci s oznamovatelem.<\/p>\n\n\n\n<p>Oznamovatelem je dle z\u00e1kona a Sm\u011brnice EU fyzick\u00e1 osoba, kter\u00e1 m\u016f\u017ee podat ozn\u00e1men\u00ed pomoc\u00ed vnit\u0159n\u00edho oznamovac\u00edho syst\u00e9mu povinn\u00e9ho subjektu, nebo prost\u0159ednictv\u00edm Ministerstva spravedlnosti (Ministerstvu spravedlnosti lze ozn\u00e1men\u00ed podat na&nbsp;<a href=\"https:\/\/oznamovatel.justice.cz\/chci-podat-oznameni\/\">https:\/\/oznamovatel.justice.cz\/chci-podat-oznameni\/<\/a>). Za spln\u011bn\u00ed ur\u010dit\u00fdch podm\u00ednek m\u00e1 oznamovatel pr\u00e1vo sv\u00e9 ozn\u00e1men\u00ed i zve\u0159ejnit.<\/p>\n\n\n\n<p>Vzhledem k&nbsp;zaji\u0161t\u011bn\u00ed z\u00e1konn\u00e9ho a hladk\u00e9ho zaveden\u00ed VOS je v&nbsp;souladu se z\u00e1konem a Sm\u011brnic\u00ed EU ur\u010den t\u0159et\u00ed nez\u00e1visl\u00fd subjekt CATANIA GROUP s.r.o. K&nbsp;p\u0159\u00edjmu ozn\u00e1men\u00ed je u\u017e\u00edv\u00e1n program FOSY (F\u00e9rov\u00fd oznamovac\u00ed syst\u00e9m), kter\u00fd je zcela bezpe\u010dn\u00fd jak pro oznamovatele, tak i jin\u00e9 z\u00fa\u010dastn\u011bn\u00e9 osoby a principi\u00e1ln\u011b vede k utajen\u00ed toto\u017enosti oznamuj\u00edc\u00ed osoby a t\u0159et\u00edch osob a ochran\u011b informac\u00ed uveden\u00fdch v ozn\u00e1men\u00ed. Z\u00e1kladn\u00ed informace o FOSY a n\u00e1vod k&nbsp;pou\u017eit\u00ed je uveden&nbsp;<a href=\"https:\/\/spmo.cz\/fosy-info\/\">ZDE<\/a>.<\/p>\n\n\n\n<p>Toto\u017enost oznamovatele nen\u00ed mo\u017en\u00e9 sd\u011blit bez jeho v\u00fdslovn\u00e9ho souhlasu t\u0159et\u00ed osob\u011b ani org\u00e1nu, s v\u00fdjimkou z\u00e1konem stanoven\u00fdch v\u00fdjimek (nap\u0159. p\u0159\u00edpad do\u017e\u00e1d\u00e1n\u00ed ze strany org\u00e1n\u016f \u010dinn\u00fdch v trestn\u00edm \u0159\u00edzen\u00ed podle trestn\u00edho \u0159\u00e1du).<\/p>\n\n\n\n<p>Ka\u017ed\u00fd oznamovatel, kter\u00fd se v&nbsp;souvislosti s prac\u00ed nebo jinou obdobnou \u010dinnost\u00ed (z\u00e1kona a Sm\u011brnice EU) dozv\u00ed mo\u017en\u00e9m protipr\u00e1vn\u00edm jedn\u00e1n\u00ed stanoven\u00fdm \u00a7 2 z\u00e1kona nebo o poru\u0161ov\u00e1n\u00ed pr\u00e1v Unie, m\u016f\u017ee podat ozn\u00e1men\u00ed p\u00edsemn\u011b (elektronicky i v listinn\u00e9 podob\u011b), nebo \u00fastn\u011b \u2013 osobn\u011b (v p\u0159im\u011b\u0159en\u00e9 lh\u016ft\u011b) i telefonicky.<\/p>\n\n\n\n<p>P\u0159\u00edjem a zpracov\u00e1n\u00ed v\u0161ech informac\u00ed z&nbsp;ozn\u00e1men\u00ed a p\u0159i \u0159e\u0161en\u00ed dan\u00e9ho probl\u00e9mu je opr\u00e1vn\u011bna pouze p\u0159\u00edslu\u0161n\u00e1 osoba, kter\u00e1 posoud\u00ed ozn\u00e1men\u00ed z hlediska jeho d\u016fvodnosti a pravdivosti a vyrozum\u00ed oznamovatele ve stanoven\u00fdch lh\u016ft\u00e1ch a povinn\u00e9mu subjektu navrhne p\u0159ijmout opat\u0159en\u00ed k&nbsp;n\u00e1prav\u011b. P\u0159\u00edslu\u0161n\u00e1 osoba je samoz\u0159ejm\u011b v\u00e1z\u00e1na ml\u010denlivost\u00ed, a to i v\u016f\u010di \u201esv\u00e9mu\u201c povinn\u00e9mu subjektu. P\u0159\u00edslu\u0161n\u00e1 osoba vyrozum\u00ed oznamovatele o p\u0159ijet\u00ed ozn\u00e1men\u00ed i o zp\u016fsobu jeho vy\u0159\u00edzen\u00ed (v z\u00e1konem stanoven\u00fdch lh\u016ft\u00e1ch) a v\u0161echny materi\u00e1ly kter\u00e9 jsou zpracov\u00e1ny v&nbsp;souvislosti s&nbsp;ozn\u00e1men\u00edm eviduje po dobu 5 let.<\/p>\n\n\n\n<p>Povinn\u00fd subjekt u\u010dil P\u0159\u00edslu\u0161nou osobu k v\u00fdkonu \u010dinnosti podle \u00a7 11<\/p>\n\n\n\n<p>Kontakt na p\u0159\u00edslu\u0161nou osobu:<\/p>\n\n\n\n<p>Mgr. Vlastimil Vesel\u00fd, MBA, LL.M.<\/p>\n\n\n\n<p><a href=\"mailto:oznamfosy@gmail.com\">oznamfosy@gmail.com<\/a><\/p>\n\n\n\n<p>+420 605 754 793<\/p>\n\n\n\n<p>Jablo\u0148ov\u00e1 2060, 347 01 Tachov<\/p>\n\n\n\n<p>DS: z9n4nqb<br>Lze komunikovat i p\u0159es SKYPE, nebo WhatsApp<\/p>\n\n\n\n<p>Vedlej\u0161\u00ed p\u0159\u00edslu\u0161n\u00e1 osoba pro p\u0159\u00edpady zastupitelnosti je:<\/p>\n\n\n\n<p>JUDr. Jan \u0160\u0165astn\u00fd, MPA<\/p>\n\n\n\n<p>bytem: Provoz 20, Dobru\u0161ka 518 01<\/p>\n\n\n\n<p>tel.: + 420 777 418 512<\/p>\n\n\n\n<p>DS: nz26v8e<\/p>\n\n\n\n<p>Chci podat ozn\u00e1men\u00ed p\u0159es FOSY&nbsp;<em>&nbsp;<a href=\"https:\/\/spmo.cz\/embed\/?ozn=2120-5-17-1012212895\" target=\"_blank\" rel=\"noreferrer noopener\">zde<\/a><\/em><\/p>\n","protected":false},"excerpt":{"rendered":"<p>Prohl\u00e1\u0161en\u00ed o pln\u011bn\u00ed podm\u00ednek ochrany oznamovatel\u016f dle z\u00e1k. \u010d.&nbsp; 171\/2023 Sb., o ochran\u011b oznamovatel\u016f a Sm\u011brnice EU o whistleblowingu. Informace &hellip; <\/p>\n","protected":false},"author":1,"featured_media":0,"parent":0,"menu_order":0,"comment_status":"closed","ping_status":"closed","template":"","meta":{"_editorskit_title_hidden":false,"_editorskit_reading_time":0,"_editorskit_is_block_options_detached":false,"_editorskit_block_options_position":"{}","footnotes":""},"class_list":["post-212","page","type-page","status-publish","hentry"],"featured_image_src":"","featured_image_src_square":false,"rbea_author_info":{"display_name":"admin","author_link":"https:\/\/zsmikulasezhusi.cz\/?author=1"},"rbea_excerpt_info":"Prohl\u00e1\u0161en\u00ed o pln\u011bn\u00ed podm\u00ednek ochrany oznamovatel\u016f dle z\u00e1k. \u010d.&nbsp; 171\/2023 Sb., o ochran\u011b oznamovatel\u016f a Sm\u011brnice EU o whistleblowingu. Informace &hellip; ","_links":{"self":[{"href":"https:\/\/zsmikulasezhusi.cz\/index.php?rest_route=\/wp\/v2\/pages\/212","targetHints":{"allow":["GET"]}}],"collection":[{"href":"https:\/\/zsmikulasezhusi.cz\/index.php?rest_route=\/wp\/v2\/pages"}],"about":[{"href":"https:\/\/zsmikulasezhusi.cz\/index.php?rest_route=\/wp\/v2\/types\/page"}],"author":[{"embeddable":true,"href":"https:\/\/zsmikulasezhusi.cz\/index.php?rest_route=\/wp\/v2\/users\/1"}],"replies":[{"embeddable":true,"href":"https:\/\/zsmikulasezhusi.cz\/index.php?rest_route=%2Fwp%2Fv2%2Fcomments&post=212"}],"version-history":[{"count":1,"href":"https:\/\/zsmikulasezhusi.cz\/index.php?rest_route=\/wp\/v2\/pages\/212\/revisions"}],"predecessor-version":[{"id":213,"href":"https:\/\/zsmikulasezhusi.cz\/index.php?rest_route=\/wp\/v2\/pages\/212\/revisions\/213"}],"wp:attachment":[{"href":"https:\/\/zsmikulasezhusi.cz\/index.php?rest_route=%2Fwp%2Fv2%2Fmedia&parent=212"}],"curies":[{"name":"wp","href":"https:\/\/api.w.org\/{rel}","templated":true}]}}